{"id":1085,"date":"2021-01-11T11:52:19","date_gmt":"2021-01-11T11:52:19","guid":{"rendered":"https:\/\/andalicante.org\/andashop\/?page_id=1085"},"modified":"2021-01-11T11:52:22","modified_gmt":"2021-01-11T11:52:22","slug":"envio-y-devoluciones","status":"publish","type":"page","link":"https:\/\/andalicante.org\/andashop\/envio-y-devoluciones\/","title":{"rendered":"Env\u00edo y Devoluciones"},"content":{"rendered":"\n<p><strong>1.- INTRODUCCI\u00d3N.<\/strong><\/p>\n\n\n\n<p>&nbsp;&nbsp;&nbsp;&nbsp;&nbsp;&nbsp;&nbsp;&nbsp;&nbsp;&nbsp;&nbsp;&nbsp;&nbsp;&nbsp;&nbsp;&nbsp;El presente documento establece las condiciones por las que se rige el uso de la web&nbsp;&nbsp;<a href=\"https:\/\/andalicante.org\/\">https:\/\/andalicante.org\/<\/a>andashop\/&nbsp;y la compra de productos ofertados en la misma.<\/p>\n\n\n\n<p>&nbsp;&nbsp;&nbsp;&nbsp;&nbsp;&nbsp;&nbsp;&nbsp;&nbsp;&nbsp;&nbsp;&nbsp;&nbsp;&nbsp;&nbsp;&nbsp;Le rogamos que lea atentamente las presentes Condiciones, nuestra Pol\u00edtica de Cookies y nuestra Pol\u00edtica de Privacidad antes de usar esta p\u00e1gina web. Al utilizar esta p\u00e1gina web o hacer un pedido a trav\u00e9s de la misma usted consiente quedar vinculado por estas Condiciones Generales de Contrataci\u00f3n y por nuestras Pol\u00edticas de Privacidad, por lo que, si no est\u00e1 usted de acuerdo con todo lo dispuesto en las Condiciones Generales de Contrataci\u00f3n y con las Pol\u00edticas de Privacidad, no debe usar esta p\u00e1gina web.<\/p>\n\n\n\n<p>&nbsp;&nbsp;&nbsp;&nbsp;&nbsp;&nbsp;&nbsp;&nbsp;&nbsp;&nbsp;&nbsp;&nbsp;&nbsp;&nbsp;&nbsp;&nbsp;Si tiene alguna pregunta relacionada con las Condiciones Generales de Contrataci\u00f3n o las Pol\u00edticas de Privacidad, puede ponerse en contacto con nosotros a trav\u00e9s de nuestro correo electr\u00f3nico gesti\u00f3n@andalicante.org<\/p>\n\n\n\n<p><strong>2. NUESTROS DATOS.<\/strong><\/p>\n\n\n\n<p>La venta de art\u00edculos a trav\u00e9s de esta p\u00e1gina web es realizada por parte de Shop Anda, tienda ben\u00e9fica de la Asociaci\u00f3n ANDA con domicilio en C\/Pasaje de Tibi, local 6. San Vicente del Raspeig 03690 Alicante, inscrita en el Registro de Asociaciones de la Comunidad Valenciana, con el n\u00famero Shop Anda-01-047469-A, y CIF G54548003, con tel\u00e9fono 966 29 43 97 y correo electr\u00f3nico&nbsp;&nbsp;<a href=\"mailto:gestion@andalicante.org\">gestion@andalicante.org<\/a><\/p>\n\n\n\n<p><strong>3. SUS DATOS Y SUS VISITAS A ESTA P\u00c1GINA WEB.<\/strong><\/p>\n\n\n\n<p>&nbsp;&nbsp;&nbsp;&nbsp;&nbsp;&nbsp;&nbsp;&nbsp;&nbsp;&nbsp;&nbsp;&nbsp;&nbsp;&nbsp;&nbsp;&nbsp;La informaci\u00f3n o datos personales que nos facilite sobre usted, ser\u00e1n tratados con arreglo a lo establecido en la Pol\u00edtica de Privacidad. Al hacer uso de esta p\u00e1gina web usted consiente el tratamiento de dicha informaci\u00f3n y datos y a su vez, declara que toda la informaci\u00f3n o datos que nos facilite son veraces y se corresponden con la realidad.<\/p>\n\n\n\n<p><strong>4. USO DE NUESTRA P\u00c1GINA WEB.<\/strong><\/p>\n\n\n\n<p>&nbsp;&nbsp;&nbsp;&nbsp;&nbsp;&nbsp;&nbsp;&nbsp;&nbsp;&nbsp;&nbsp;&nbsp;&nbsp;&nbsp;&nbsp;&nbsp;Al hacer uso de esta p\u00e1gina web y realizar pedidos a trav\u00e9s de la misma, usted se compromete a:<\/p>\n\n\n\n<p>&nbsp;&nbsp;&nbsp;&nbsp;&nbsp;&nbsp;&nbsp;&nbsp;&nbsp;&nbsp;&nbsp;&nbsp;&nbsp;&nbsp;&nbsp;&nbsp;1. Hacer uso de esta p\u00e1gina web \u00fanicamente para realizar consultas o pedidos legalmente v\u00e1lidos.<\/p>\n\n\n\n<p>&nbsp;&nbsp;&nbsp;&nbsp;&nbsp;&nbsp;&nbsp;&nbsp;&nbsp;&nbsp;&nbsp;&nbsp;&nbsp;&nbsp;&nbsp;&nbsp;2. No realizar ning\u00fan pedido falso o fraudulento. Si razonablemente se pudiera considerar que se ha hecho un pedido de esta \u00edndole estaremos autorizados a anularlo e informar a las autoridades pertinentes.<\/p>\n\n\n\n<p>3. Facilitarnos su direcci\u00f3n de correo electr\u00f3nico, direcci\u00f3n postal y\/u otros datos de contacto de forma veraz y exacta. Asimismo, consiente que podremos hacer uso de dicha informaci\u00f3n para ponernos en contacto con usted si es necesario. Si no nos facilita usted toda la informaci\u00f3n que necesitamos, no podremos cursar su pedido. Al realizar un pedido a trav\u00e9s de esta p\u00e1gina web, usted declara ser mayor de 18 a\u00f1os y tener capacidad legal para celebrar contratos.<\/p>\n\n\n\n<p><strong>5. DISPONIBILIDAD DEL SERVICIO.<\/strong><\/p>\n\n\n\n<p>&nbsp;&nbsp;&nbsp;&nbsp;&nbsp;&nbsp;&nbsp;&nbsp;&nbsp;&nbsp;&nbsp;&nbsp;&nbsp;&nbsp;&nbsp;&nbsp;Los art\u00edculos que se ofrecen a trav\u00e9s de esta p\u00e1gina web est\u00e1n \u00fanicamente disponibles para su env\u00edo a Espa\u00f1a (Pen\u00ednsula), Baleares y Canarias.<\/p>\n\n\n\n<p><strong>6. C\u00d3MO REALIZAR UN PEDIDO.<\/strong><\/p>\n\n\n\n<p>Para realizar un pedido, deber\u00e1 seguir el procedimiento de compra online, eligiendo en primer lugar los productos que puedan ser de su inter\u00e9s, rellenando todos aquellos datos que sean obligatorios durante el procedimiento y finalizar la compra pulsando en \u201cCOMPRAR AHORA\u201d.<\/p>\n\n\n\n<p>Seguidamente, usted recibir\u00e1 un correo electr\u00f3nico acusando recibo de su pedido. Asimismo, le informaremos mediante correo electr\u00f3nico cuando su pedido le est\u00e9 siendo enviado.<\/p>\n\n\n\n<p><strong>7. MEDIOS T\u00c9CNICOS PARA CORREGIR ERRORES.<\/strong><\/p>\n\n\n\n<p>&nbsp;&nbsp;&nbsp;&nbsp;&nbsp;&nbsp;&nbsp;&nbsp;&nbsp;&nbsp;&nbsp;&nbsp;&nbsp;&nbsp;&nbsp;&nbsp;En caso de que usted detectase que se ha producido un error al introducir sus datos personales durante su registro como usuario de esta p\u00e1gina web, podr\u00e1 modificar los mismos escribiendo un correo electr\u00f3nico a gesti\u00f3n@andalicante.org<\/p>\n\n\n\n<p>Esta p\u00e1gina web muestra ventanas de confirmaci\u00f3n en diversos apartados del proceso de compra que no permiten proseguir con el pedido si los datos de estos apartados no se han proporcionado correctamente. Asimismo, esta p\u00e1gina web ofrece los detalles de todos los art\u00edculos que haya a\u00f1adido a su cesta durante el proceso de compra, de forma que, antes de realizar el pago, usted podr\u00e1 modificar los datos de su pedido. Si usted detectase un error en su pedido con posterioridad a la finalizaci\u00f3n del proceso de pago, deber\u00e1 ponerse en contacto de manera inmediata con nuestro servicio de atenci\u00f3n al cliente, en el tel\u00e9fono o en la direcci\u00f3n de correo electr\u00f3nico anteriormente mencionados, para subsanar el error.<\/p>\n\n\n\n<p><strong>8.- PAGO.<\/strong><\/p>\n\n\n\n<p>&nbsp;&nbsp;&nbsp;&nbsp;&nbsp;&nbsp;&nbsp;&nbsp;&nbsp;&nbsp;&nbsp;&nbsp;&nbsp;&nbsp;&nbsp;&nbsp;La forma de pago de las compras se seleccionar\u00e1 durante el proceso de compra y el pago, seg\u00fan la forma elegida, se realizar\u00e1 a la finalizaci\u00f3n del proceso de compra y ser\u00e1 condici\u00f3n indispensable para la formalizaci\u00f3n del mismo.<\/p>\n\n\n\n<p>&nbsp;&nbsp;&nbsp;&nbsp;&nbsp;&nbsp;&nbsp;&nbsp;&nbsp;&nbsp;&nbsp;&nbsp;&nbsp;&nbsp;&nbsp;&nbsp;Las formas de pago admitidas son las siguientes:<\/p>\n\n\n\n<p>&nbsp;&nbsp;&nbsp;&nbsp;&nbsp;&nbsp;&nbsp;&nbsp;&nbsp;&nbsp;&nbsp;&nbsp;&nbsp;&nbsp;&nbsp;&nbsp;Las compras se pueden pagar con tarjeta de cr\u00e9dito Visa\u00ae, Mastercard\u00ae, as\u00ed como con tarjeta de d\u00e9bito 4B o 4B Maestro, lo que implicar\u00eda un cargo autom\u00e1tico.<\/p>\n\n\n\n<p>&nbsp;&nbsp;&nbsp;&nbsp;&nbsp;&nbsp;&nbsp;&nbsp;&nbsp;&nbsp;&nbsp;&nbsp;&nbsp;&nbsp;&nbsp;&nbsp;En cualquier caso, la elecci\u00f3n del medio de pago se realiza durante el proceso de compra en la pantalla correspondiente. El cliente debe notificar a Shop Anda cualquier cargo indebido o fraudulento en la tarjeta utilizada para las compras, mediante email o v\u00eda telef\u00f3nica, en el menor plazo posible para que pueda realizar las gestiones oportunas.<\/p>\n\n\n\n<p>Los proveedores o emisores de medios de pago pueden adoptar medidas antifraude que conlleven el rechazo de cierto tipo de operaciones. Shop Anda no es responsable de la aplicaci\u00f3n de este tipo de pol\u00edticas de seguridad.<\/p>\n\n\n\n<p><strong>9. ENTREGA Y GASTOS DE ENV\u00cdO.<\/strong><\/p>\n\n\n\n<p>&nbsp;&nbsp;&nbsp;&nbsp;&nbsp;&nbsp;&nbsp;&nbsp;&nbsp;&nbsp;&nbsp;&nbsp;&nbsp;&nbsp;&nbsp;&nbsp;Todos los productos ofertados en la p\u00e1gina web&nbsp;est\u00e1n disponibles (salvo roturas de stock o casos excepcionales), lo que nos permite tramitar los pedidos para que sean entregados en un plazo de entre 1 y 7 d\u00edas laborables a contar desde el d\u00eda siguiente a la realizaci\u00f3n del pedido, mediante la agencia de transporte Correos Espa\u00f1a.<\/p>\n\n\n\n<p>&nbsp;&nbsp;&nbsp;&nbsp;&nbsp;&nbsp;&nbsp;&nbsp;&nbsp;&nbsp;&nbsp;&nbsp;&nbsp;&nbsp;&nbsp;&nbsp;Los pedidos recibidos en viernes o festivos ser\u00e1n enviados el primer y segundo d\u00eda laborable siguiente. Si por cualquier causa hubiera un retraso en el env\u00edo le comunicar\u00edamos el plazo de entrega estimado.<\/p>\n\n\n\n<p>Si tras un peri\u00f3do de tiempo la agencia de env\u00edo no consigue entregar el paquete, este ser\u00e1 devuelto por la mensajer\u00eda, por lo que es importante asegurarse de facilitar una direcci\u00f3n en la que pueda ser f\u00e1cilmente localizable.<\/p>\n\n\n\n<p>Si finalmente el pedido fuera devuelto por la agencia de mensajer\u00eda debido a la imposibilidad de contactar con el cliente, ser\u00eda el cliente el responsable de costear el nuevo env\u00edo.<\/p>\n\n\n\n<p>&nbsp;&nbsp;&nbsp;&nbsp;&nbsp;&nbsp;&nbsp;&nbsp;&nbsp;&nbsp;&nbsp;&nbsp;&nbsp;&nbsp;&nbsp;&nbsp;Una vez realizado el env\u00edo del paquete, la direcci\u00f3n de entrega no podr\u00e1 ser modificada.<\/p>\n\n\n\n<p>No es posible especificar la hora exacta de la entrega, de igual modo que la empresa de mensajer\u00eda no contactar\u00e1 con usted.<\/p>\n\n\n\n<p>Si hay cualquier error en tu pedido recibido, p\u00f3ngase en contacto con nosotros y le informaremos de la mejor forma de solucionar el error sin coste alguno para usted.<\/p>\n\n\n\n<p>&nbsp;&nbsp;&nbsp;&nbsp;&nbsp;&nbsp;&nbsp;&nbsp;&nbsp;&nbsp;&nbsp;<strong>&nbsp;&nbsp;&nbsp;&nbsp;&nbsp;&nbsp;&nbsp;&nbsp;&nbsp;&nbsp;&nbsp;&nbsp;&nbsp;&nbsp;&nbsp;&nbsp;GASTOS DE ENV\u00cdO:<\/strong><\/p>\n\n\n\n<p>&nbsp;&nbsp;&nbsp;&nbsp;&nbsp;&nbsp;&nbsp;&nbsp;&nbsp;&nbsp;&nbsp;&nbsp;&nbsp;&nbsp;&nbsp;&nbsp;Pen\u00ednsula &#8211; Mensajer\u00eda Correos Ordinario: Entre 1\u20ac y 5,45\u20ac seg\u00fan el peso.<\/p>\n\n\n\n<p>&nbsp;&nbsp;&nbsp;&nbsp;&nbsp;&nbsp;&nbsp;&nbsp;&nbsp;&nbsp;&nbsp;&nbsp;&nbsp;&nbsp;&nbsp;&nbsp;Baleares y Canarias- Consultar.<\/p>\n\n\n\n<p>Tambi\u00e9n se podr\u00e1n recoger los pedidos en nuestra sede, localizada en C\/Pasaje de tibi, local 6. San Vicente del Raspeig 03690 (Alicante). La recogida no supondr\u00e1 gastos adicionales por env\u00edo. La recogida se realizar\u00e1 en el siguiente horario, previa confirmaci\u00f3n:<\/p>\n\n\n\n<ul class=\"wp-block-list\"><li>Lunes y Mi\u00e9rcoles: 13:0 a 20:30<\/li><li>Martes, Jueves y Viernes: 8:00 a 16:00<\/li><\/ul>\n\n\n\n<p><strong>&nbsp;10. POL\u00cdTICA DE DEVOLUCIONES.<\/strong><\/p>\n\n\n\n<p>Solo se aceptar\u00e1n devoluciones de productos que lleguen en mal estado, como roturas, falta de piezas, o equivocaci\u00f3n de pedido. Dispone de un plazo de 14 d\u00edas, a contar desde la fecha de entrega del producto, para devolverlo.<\/p>\n\n\n\n<p><strong>11. RESPONSABILIDAD.<\/strong><\/p>\n\n\n\n<p>Salvo que expresamente se disponga lo contrario en las presentes Condiciones, nuestra responsabilidad en relaci\u00f3n con cualquier producto adquirido en nuestra p\u00e1gina web estar\u00e1 limitada estrictamente al precio de compra de dicho producto.<\/p>\n\n\n\n<p><strong>12. PROPIEDAD INDUSTRIAL E INTELECTUAL.<\/strong><\/p>\n\n\n\n<p>Usted reconoce y consiente que todo copyright, marca registrada y dem\u00e1s derechos de propiedad industrial e intelectual sobre los materiales o contenidos que se aportan como parte de la p\u00e1gina web nos corresponden en todo momento a nosotros o a quienes nos otorgaron licencia para su uso. Usted podr\u00e1 hacer uso de dicho material \u00fanicamente en la forma en que se lo autoricemos expresamente nosotros o quienes nos otorgaron licencia para su uso. Esto no le impedir\u00e1 utilizar esta p\u00e1gina web en la medida necesaria para copiar la informaci\u00f3n sobre su pedido o datos de Contacto.<\/p>\n\n\n\n<p>&nbsp;<strong>13. COMUNICACIONES POR ESCRITO.<\/strong><\/p>\n\n\n\n<p>La normativa aplicable exige que parte de la informaci\u00f3n o comunicaciones que le enviemos sean por escrito, no obstante, mediante el uso de esta p\u00e1gina web usted acepta que la mayor parte de dichas comunicaciones con nosotros sean electr\u00f3nicas.<\/p>\n\n\n\n<p>Nos pondremos en contacto con usted por correo electr\u00f3nico o le facilitaremos informaci\u00f3n colgando avisos en esta p\u00e1gina web.<\/p>\n\n\n\n<p>A efectos contractuales, usted consiente en usar este medio electr\u00f3nico de comunicaci\u00f3n y reconoce que todo contrato, notificaci\u00f3n, informaci\u00f3n y dem\u00e1s comunicaciones que le enviemos de forma electr\u00f3nica cumplen con los requisitos legales de ser por escrito. Esta condici\u00f3n no afectar\u00e1 a sus derechos reconocidos por ley.<\/p>\n\n\n\n<p><strong>14. NOTIFICACIONES.<\/strong><\/p>\n\n\n\n<p>Las notificaciones que usted nos env\u00ede deber\u00e1n enviarse preferiblemente a trav\u00e9s del correo electr\u00f3nico. Con arreglo a lo dispuesto en la cl\u00e1usula anterior y salvo que se estipule lo contrario, le podremos enviar comunicaciones bien al e-mail o bien a la direcci\u00f3n postal facilitada por usted a la hora de realizar un pedido.<\/p>\n\n\n\n<p>Se entender\u00e1 que las notificaciones han sido recibidas y han sido correctamente hechas en el mismo instante en que se cuelguen en nuestra p\u00e1gina web, 24 horas despu\u00e9s de haberse enviado un correo electr\u00f3nico, o tres d\u00edas despu\u00e9s de la fecha de franqueo de cualquier carta.<\/p>\n\n\n\n<p>&nbsp;Para probar que la notificaci\u00f3n ha sido hecha, ser\u00e1 suficiente con probar, en el caso de una carta, que ten\u00eda la direcci\u00f3n correcta, estaba correctamente sellada y que fue debidamente entregada en correos o en un buz\u00f3n y, en el caso de un correo electr\u00f3nico, que el mismo fue enviado a la direcci\u00f3n de correo electr\u00f3nico especificada por el receptor.<\/p>\n\n\n\n<p><strong>15. CESI\u00d3N DE DERECHOS Y OBLIGACIONES.<\/strong><\/p>\n\n\n\n<p>&nbsp;&nbsp;&nbsp;&nbsp;&nbsp;&nbsp;&nbsp;&nbsp;&nbsp;&nbsp;&nbsp;&nbsp;&nbsp;&nbsp;&nbsp;&nbsp;El contrato es vinculante tanto para usted como para nosotros, as\u00ed como para nuestros respectivos sucesores, cesionarios y causahabientes. Usted no podr\u00e1 transmitir, ceder, gravar o de cualquier otro modo transferir un contrato o alguno de los derechos u obligaciones derivados del mismo, sin haber obtenido nuestro consentimiento previo por escrito.<\/p>\n\n\n\n<p>Podemos transmitir, ceder, gravar, subcontratar o de cualquier otro modo transferir un contrato o alguno de los derechos u obligaciones derivados del mismo, en cualquier momento durante su vigencia. Para evitar cualquier duda, dichas transmisiones, cesiones, grav\u00e1menes u otras transferencias no afectar\u00e1n los derechos que, en su caso, usted, como consumidor, tiene reconocidos por ley ni anular\u00e1n, reducir\u00e1n o limitar\u00e1n de cualquier otra forma las garant\u00edas, tanto expresas como t\u00e1citas, que le hubi\u00e9semos podido otorgar.&nbsp;<\/p>\n\n\n\n<p><strong>16. ACONTECIMIENTOS FUERA DE NUESTRO CONTROL.<\/strong><\/p>\n\n\n\n<p>&nbsp;&nbsp;&nbsp;&nbsp;&nbsp;&nbsp;&nbsp;&nbsp;&nbsp;&nbsp;&nbsp;&nbsp;&nbsp;&nbsp;&nbsp;&nbsp;No seremos responsables por ning\u00fan incumplimiento o retraso en el cumplimiento de alguna de las obligaciones asumidas, cuando el mismo se deba a acontecimientos ocasionados por Causas de Fuerza Mayor.<\/p>\n\n\n\n<p>Las Causas de Fuerza Mayor incluir\u00e1n cualquier acto, acontecimiento, falta de ejercicio, omisi\u00f3n o accidente que est\u00e9 fuera de nuestro control razonable y entre otros, los siguientes:<\/p>\n\n\n\n<p>1. Huelgas, cierres patronales u otras medidas reivindicativas.<\/p>\n\n\n\n<p>2. Conmoci\u00f3n civil, revuelta, invasi\u00f3n, amenaza o ataque terrorista, guerra (declarada o no) o amenaza o preparativos de guerra.<\/p>\n\n\n\n<p>3. Incendio, explosi\u00f3n, tormenta, inundaci\u00f3n, terremoto, hundimiento, epidemia o cualquier otro desastre natural.<\/p>\n\n\n\n<p>4. Imposibilidad de uso de trenes, barcos, aviones, transportes de motor u otros medios de transporte, p\u00fablicos o privados.<\/p>\n\n\n\n<p>5. Imposibilidad de utilizar sistemas p\u00fablicos o privados de telecomunicaciones.<\/p>\n\n\n\n<p>&nbsp;6. Actos, decretos, legislaci\u00f3n, normativa o restricciones de cualquier gobierno o autoridad p\u00fablica.<\/p>\n\n\n\n<p>Se entender\u00e1 que las obligaciones quedar\u00e1n suspendidas durante el per\u00edodo en que la Causa de Fuerza Mayor contin\u00fae, y dispondremos de una ampliaci\u00f3n en el plazo para cumplir dichas obligaciones por un periodo de tiempo igual al que dure la Causa de Fuerza Mayor.<\/p>\n\n\n\n<p>Pondremos todos los medios razonables para que finalice la Causa de Fuerza Mayor o para encontrar una soluci\u00f3n que nos permita cumplir nuestras obligaciones a pesar de la Causa de Fuerza Mayor.<\/p>\n\n\n\n<p><strong>21. RENUNCIA.<\/strong><\/p>\n\n\n\n<p>&nbsp;&nbsp;&nbsp;&nbsp;&nbsp;&nbsp;&nbsp;&nbsp;&nbsp;&nbsp;&nbsp;&nbsp;&nbsp;&nbsp;&nbsp;&nbsp;La falta de requerimiento por nuestra parte del cumplimiento estricto por su parte de alguna de las obligaciones asumidas por usted en virtud de un contrato o de las presentes Condiciones o la falta de ejercicio por nuestra parte de los derechos o acciones que nos pudiesen corresponder en virtud de dicho contrato o de las Condiciones, no supondr\u00e1 renuncia ni limitaci\u00f3n alguna en relaci\u00f3n con dichos derechos o acciones ni le exonerar\u00e1 a usted de cumplir con tales obligaciones.<\/p>\n\n\n\n<p>Ninguna renuncia por nuestra parte a un derecho o acci\u00f3n concreto supondr\u00e1 una renuncia a otros derechos o acciones derivados de un contrato o de las Condiciones. Ninguna renuncia por nuestra parte a alguna de las presentes Condiciones o a los derechos o acciones derivados de un contrato surtir\u00e1 efecto, a no ser que se establezca expresamente que es una renuncia y se formalice y se le comunique a usted a trav\u00e9s de los distintos medios de contacto que usted nos facilit\u00f3.<\/p>\n\n\n\n<p><strong>22. NULIDAD PARCIAL.<\/strong><\/p>\n\n\n\n<p>&nbsp;&nbsp;&nbsp;&nbsp;&nbsp;&nbsp;&nbsp;&nbsp;&nbsp;&nbsp;&nbsp;&nbsp;&nbsp;&nbsp;&nbsp;&nbsp;Si alguna de las presentes Condiciones o alguna disposici\u00f3n de un contrato fuesen declaradas nulas y sin efecto por resoluci\u00f3n firme dictada por autoridad competente, los restantes t\u00e9rminos y condiciones permanecer\u00e1n en vigor, sin que queden afectados por dicha declaraci\u00f3n de nulidad.<\/p>\n\n\n\n<p><strong>23. NUESTRO DERECHO A MODIFICAR ESTAS CONDICIONES.<\/strong><\/p>\n\n\n\n<p>&nbsp;&nbsp;&nbsp;&nbsp;&nbsp;&nbsp;&nbsp;&nbsp;&nbsp;&nbsp;&nbsp;&nbsp;&nbsp;&nbsp;&nbsp;&nbsp;Nos reservamos la facultad de modificar los presentes T\u00e9rminos y Condiciones. Le mantendremos informado de los cambios sustanciales realizados en los mismos. \u00c9stos no tendr\u00e1n car\u00e1cter retroactivo y, salvo posibles excepciones seg\u00fan el caso concreto, ser\u00e1n de aplicaci\u00f3n despu\u00e9s de 30 d\u00edas de la fecha de su publicaci\u00f3n en el aviso correspondiente. Si Usted no est\u00e1 de acuerdo con las modificaciones introducidas, le recomendamos no hacer uso de nuestra p\u00e1gina web.<\/p>\n\n\n\n<p><strong>24. LEGISLACI\u00d3N APLICABLE Y JURISDICCI\u00d3N.<\/strong><\/p>\n\n\n\n<p>El uso de nuestra p\u00e1gina web y los contratos de compra de productos a trav\u00e9s dicha p\u00e1gina web se regir\u00e1n por la legislaci\u00f3n espa\u00f1ola.<\/p>\n\n\n\n<p>Las presentes Condiciones Generales, est\u00e1n sujetas y se regir\u00e1n conforme a lo dispuesto en las leyes de Espa\u00f1a, en particular en:<\/p>\n\n\n\n<p>\u00b7 La Ley 7\/1998, de 13 de abril, sobre Condiciones Generales de Contrataci\u00f3n,&nbsp;<\/p>\n\n\n\n<p>\u00b7 Real Decreto Legislativo 1\/2007, de 16 de noviembre, por el que se aprueba el texto refundido de la Ley General para la Defensa de los Consumidores y Usuarios y otras leyes complementarias,<\/p>\n\n\n\n<p>\u00b7 Reglamento 2016\/679 del Parlamento Europeo y del Consejo de 27 de abril de 2016 relativo a la protecci\u00f3n de las personas f\u00edsicas en lo que respecta al tratamiento de datos personales y a la libre circulaci\u00f3n de estos datos y por el que deroga la directiva 95\/46\/CE,<\/p>\n\n\n\n<p>\u00b7 Ley 7\/1996, de 15 de enero de Ordenaci\u00f3n del Comercio Minorista<\/p>\n\n\n\n<p>\u00b7 Ley 34\/2002 de 11 de julio, de Servicios de la Sociedad de la Informaci\u00f3n y de Comercio Electr\u00f3nico.<\/p>\n\n\n\n<p>Las partes se someten, para la resoluci\u00f3n de los conflictos y con renuncia a cualquier otro fuero, a los Juzgados y Tribunales del domicilio del consumidor.<\/p>\n\n\n\n<p><strong>25. COMENTARIOS, SUGERENCIAS, QUEJAS Y RECLAMACIONES.<\/strong><\/p>\n\n\n\n<p>Sus comentarios y sugerencias ser\u00e1n bien recibidos. Le rogamos que nos env\u00ede tales comentarios y sugerencias, as\u00ed como cualquier consulta, queja o reclamaci\u00f3n a trav\u00e9s de nuestro correo electr\u00f3nico, del tel\u00e9fono o de la direcci\u00f3n postal indicados en la Cl\u00e1usula 2 de las presentes Condiciones Generales de Contrataci\u00f3n.<\/p>\n\n\n\n<p>Sus quejas y reclamaciones ante nuestro servicio de atenci\u00f3n al cliente ser\u00e1n atendidas en el plazo m\u00e1s breve posible y, en todo caso, en el plazo m\u00e1ximo de un mes. Si usted como consumidor considera que sus derechos han sido vulnerados, puede dirigirnos sus quejas a trav\u00e9s de la direcci\u00f3n de correo electr\u00f3nico&nbsp;<a href=\"mailto:info@tiendafvf.org\">gestion@andalicante.org<\/a>&nbsp;con el fin de solicitar una soluci\u00f3n extrajudicial de controversias.<\/p>\n\n\n\n<p><strong>\u00daltima modificaci\u00f3n:<\/strong>&nbsp;07\/01\/2021<\/p>\n","protected":false},"excerpt":{"rendered":"<p>1.- INTRODUCCI\u00d3N. &nbsp;&nbsp;&nbsp;&nbsp;&nbsp;&nbsp;&nbsp;&nbsp;&nbsp;&nbsp;&nbsp;&nbsp;&nbsp;&nbsp;&nbsp;&nbsp;El presente documento establece las condiciones por las que se rige el uso de la web&nbsp;&nbsp;https:\/\/andalicante.org\/andashop\/&nbsp;y la compra de productos ofertados en la misma. &nbsp;&nbsp;&nbsp;&nbsp;&nbsp;&nbsp;&nbsp;&nbsp;&nbsp;&nbsp;&nbsp;&nbsp;&nbsp;&nbsp;&nbsp;&nbsp;Le rogamos que lea atentamente las presentes Condiciones, nuestra Pol\u00edtica de Cookies y nuestra Pol\u00edtica de Privacidad antes de usar esta p\u00e1gina web. Al utilizar esta p\u00e1gina web o [&hellip;]<\/p>\n","protected":false},"author":1,"featured_media":0,"parent":0,"menu_order":0,"comment_status":"closed","ping_status":"closed","template":"","meta":{"ocean_post_layout":"","ocean_both_sidebars_style":"","ocean_both_sidebars_content_width":0,"ocean_both_sidebars_sidebars_width":0,"ocean_sidebar":"0","ocean_second_sidebar":"0","ocean_disable_margins":"enable","ocean_add_body_class":"","ocean_shortcode_before_top_bar":"","ocean_shortcode_after_top_bar":"","ocean_shortcode_before_header":"","ocean_shortcode_after_header":"","ocean_has_shortcode":"","ocean_shortcode_after_title":"","ocean_shortcode_before_footer_widgets":"","ocean_shortcode_after_footer_widgets":"","ocean_shortcode_before_footer_bottom":"","ocean_shortcode_after_footer_bottom":"","ocean_display_top_bar":"default","ocean_display_header":"default","ocean_header_style":"","ocean_center_header_left_menu":"0","ocean_custom_header_template":"0","ocean_custom_logo":0,"ocean_custom_retina_logo":0,"ocean_custom_logo_max_width":0,"ocean_custom_logo_tablet_max_width":0,"ocean_custom_logo_mobile_max_width":0,"ocean_custom_logo_max_height":0,"ocean_custom_logo_tablet_max_height":0,"ocean_custom_logo_mobile_max_height":0,"ocean_header_custom_menu":"0","ocean_menu_typo_font_family":"0","ocean_menu_typo_font_subset":"","ocean_menu_typo_font_size":0,"ocean_menu_typo_font_size_tablet":0,"ocean_menu_typo_font_size_mobile":0,"ocean_menu_typo_font_size_unit":"px","ocean_menu_typo_font_weight":"","ocean_menu_typo_font_weight_tablet":"","ocean_menu_typo_font_weight_mobile":"","ocean_menu_typo_transform":"","ocean_menu_typo_transform_tablet":"","ocean_menu_typo_transform_mobile":"","ocean_menu_typo_line_height":0,"ocean_menu_typo_line_height_tablet":0,"ocean_menu_typo_line_height_mobile":0,"ocean_menu_typo_line_height_unit":"","ocean_menu_typo_spacing":0,"ocean_menu_typo_spacing_tablet":0,"ocean_menu_typo_spacing_mobile":0,"ocean_menu_typo_spacing_unit":"","ocean_menu_link_color":"","ocean_menu_link_color_hover":"","ocean_menu_link_color_active":"","ocean_menu_link_background":"","ocean_menu_link_hover_background":"","ocean_menu_link_active_background":"","ocean_menu_social_links_bg":"","ocean_menu_social_hover_links_bg":"","ocean_menu_social_links_color":"","ocean_menu_social_hover_links_color":"","ocean_disable_title":"default","ocean_disable_heading":"default","ocean_post_title":"","ocean_post_subheading":"","ocean_post_title_style":"","ocean_post_title_background_color":"","ocean_post_title_background":0,"ocean_post_title_bg_image_position":"","ocean_post_title_bg_image_attachment":"","ocean_post_title_bg_image_repeat":"","ocean_post_title_bg_image_size":"","ocean_post_title_height":0,"ocean_post_title_bg_overlay":0.5,"ocean_post_title_bg_overlay_color":"","ocean_disable_breadcrumbs":"default","ocean_breadcrumbs_color":"","ocean_breadcrumbs_separator_color":"","ocean_breadcrumbs_links_color":"","ocean_breadcrumbs_links_hover_color":"","ocean_display_footer_widgets":"default","ocean_display_footer_bottom":"default","ocean_custom_footer_template":"0","footnotes":""},"class_list":["post-1085","page","type-page","status-publish","hentry","entry","owp-thumbs-layout-horizontal","owp-btn-normal","owp-tabs-layout-horizontal","has-no-thumbnails","has-product-nav"],"_links":{"self":[{"href":"https:\/\/andalicante.org\/andashop\/wp-json\/wp\/v2\/pages\/1085","targetHints":{"allow":["GET"]}}],"collection":[{"href":"https:\/\/andalicante.org\/andashop\/wp-json\/wp\/v2\/pages"}],"about":[{"href":"https:\/\/andalicante.org\/andashop\/wp-json\/wp\/v2\/types\/page"}],"author":[{"embeddable":true,"href":"https:\/\/andalicante.org\/andashop\/wp-json\/wp\/v2\/users\/1"}],"replies":[{"embeddable":true,"href":"https:\/\/andalicante.org\/andashop\/wp-json\/wp\/v2\/comments?post=1085"}],"version-history":[{"count":1,"href":"https:\/\/andalicante.org\/andashop\/wp-json\/wp\/v2\/pages\/1085\/revisions"}],"predecessor-version":[{"id":1086,"href":"https:\/\/andalicante.org\/andashop\/wp-json\/wp\/v2\/pages\/1085\/revisions\/1086"}],"wp:attachment":[{"href":"https:\/\/andalicante.org\/andashop\/wp-json\/wp\/v2\/media?parent=1085"}],"curies":[{"name":"wp","href":"https:\/\/api.w.org\/{rel}","templated":true}]}}